{"id":608,"date":"2025-09-17T15:27:51","date_gmt":"2025-09-17T13:27:51","guid":{"rendered":"https:\/\/horscadrebeziers.fr\/?page_id=608"},"modified":"2026-03-28T14:01:26","modified_gmt":"2026-03-28T13:01:26","slug":"expo-focus","status":"publish","type":"page","link":"https:\/\/horscadrebeziers.fr\/index.php\/expo-focus\/","title":{"rendered":"Expo Focus"},"content":{"rendered":"\t\t<div data-elementor-type=\"wp-page\" data-elementor-id=\"608\" class=\"elementor elementor-608\" data-elementor-post-type=\"page\">\n\t\t\t\t<div class=\"elementor-element elementor-element-f7944bf e-flex e-con-boxed e-con e-parent\" data-id=\"f7944bf\" data-element_type=\"container\" data-e-type=\"container\">\n\t\t\t\t\t<div class=\"e-con-inner\">\n\t\t<div class=\"elementor-element elementor-element-b1f76b4 e-con-full e-flex e-con e-child\" data-id=\"b1f76b4\" data-element_type=\"container\" data-e-type=\"container\">\n\t\t\t\t<div class=\"elementor-element elementor-element-bc0c5c0 elementor-widget elementor-widget-spacer\" data-id=\"bc0c5c0\" data-element_type=\"widget\" data-e-type=\"widget\" data-widget_type=\"spacer.default\">\n\t\t\t\t<div class=\"elementor-widget-container\">\n\t\t\t\t\t\t\t<div class=\"elementor-spacer\">\n\t\t\t<div class=\"elementor-spacer-inner\"><\/div>\n\t\t<\/div>\n\t\t\t\t\t\t<\/div>\n\t\t\t\t<\/div>\n\t\t\t\t<div class=\"elementor-element elementor-element-6439d1d elementor-widget elementor-widget-text-editor\" data-id=\"6439d1d\" data-element_type=\"widget\" data-e-type=\"widget\" data-widget_type=\"text-editor.default\">\n\t\t\t\t<div class=\"elementor-widget-container\">\n\t\t\t\t\t\t\t\t\t<p>FOCUS 2025<\/p>\t\t\t\t\t\t\t\t<\/div>\n\t\t\t\t<\/div>\n\t\t\t\t<div class=\"elementor-element elementor-element-9184e09 elementor-widget elementor-widget-spacer\" data-id=\"9184e09\" data-element_type=\"widget\" data-e-type=\"widget\" data-widget_type=\"spacer.default\">\n\t\t\t\t<div class=\"elementor-widget-container\">\n\t\t\t\t\t\t\t<div class=\"elementor-spacer\">\n\t\t\t<div class=\"elementor-spacer-inner\"><\/div>\n\t\t<\/div>\n\t\t\t\t\t\t<\/div>\n\t\t\t\t<\/div>\n\t\t\t\t<\/div>\n\t\t\t\t\t<\/div>\n\t\t\t\t<\/div>\n\t\t<div class=\"elementor-element elementor-element-6b21bae e-flex e-con-boxed e-con e-parent\" data-id=\"6b21bae\" data-element_type=\"container\" data-e-type=\"container\">\n\t\t\t\t\t<div class=\"e-con-inner\">\n\t\t<div class=\"elementor-element elementor-element-5cb3653 e-con-full e-flex e-con e-child\" data-id=\"5cb3653\" data-element_type=\"container\" data-e-type=\"container\">\n\t\t\t\t<div class=\"elementor-element elementor-element-655a1c5 elementor-widget elementor-widget-heading\" data-id=\"655a1c5\" data-element_type=\"widget\" data-e-type=\"widget\" data-widget_type=\"heading.default\">\n\t\t\t\t<div class=\"elementor-widget-container\">\n\t\t\t\t\t<h2 class=\"elementor-heading-title elementor-size-default\">LE 26 RIQUET<\/h2>\t\t\t\t<\/div>\n\t\t\t\t<\/div>\n\t\t\t\t<div class=\"elementor-element elementor-element-01a6dcf elementor-widget__width-initial elementor-widget elementor-widget-text-editor\" data-id=\"01a6dcf\" data-element_type=\"widget\" data-e-type=\"widget\" data-widget_type=\"text-editor.default\">\n\t\t\t\t<div class=\"elementor-widget-container\">\n\t\t\t\t\t\t\t\t\t<p data-pm-slice=\"0 0 []\">Le 26 Riquet est un projet de requalification de l\u2019ancien h\u00f4tel consulaire port\u00e9 par le Groupe Mhodul et destin\u00e9 \u00e0 la reconqu\u00eate de la ville sur la ville.<\/p><p>C\u2019est aussi un lieu empreint d\u2019histoire et d\u2019\u00e9motions o\u00f9 architectes et artistes ont su par le pass\u00e9 y exprimer la bouillonnante vie de leur \u00e9poque.<\/p><p>Aujourd\u2019hui, la cr\u00e9ation contemporaine et le dialogue entre art et patrimoine se poursuit et s\u2019y d\u00e9veloppe r\u00e9guli\u00e8rement au travers d\u2019expositions et \u00e9v\u00e8nements temporaires.<\/p><p>Le festival 2025 a pour ambition de renforcer la proposition plurielle de la 1\u00e8re \u00e9dition, en haussant encore l\u2019exigence artistique au travers, en particulier, d\u2019un appel \u00e0 projets nomm\u00e9 Focus, \u00e0 destination des photographes professionnels de l\u2019Occitanie.<\/p><p>Vingt-trois dossiers de candidature ont \u00e9t\u00e9 r\u00e9ceptionn\u00e9s et pr\u00e9sent\u00e9s \u00e0 un jury ind\u00e9pendant, compos\u00e9 de personnalit\u00e9s qualifi\u00e9es et reconnues dans les domaines de la photographie et de l\u2019art actuel.<\/p><p>\u00c0 l\u2019unanimit\u00e9 de ses membres, le jury a d\u00e9clar\u00e9 laur\u00e9ates les s\u00e9ries de trois photographes-autrices : Elsa Beaumont (Gard), Caroline Peyronel (Lot) et Sonia Reveyaz (H\u00e9rault).<\/p><p><strong>26, All\u00e9es Paul Riquet, B\u00e9ziers \/ <a href=\"https:\/\/26riquet.com\">26riquet.com<\/a><\/strong><\/p>\t\t\t\t\t\t\t\t<\/div>\n\t\t\t\t<\/div>\n\t\t\t\t<\/div>\n\t\t<div class=\"elementor-element elementor-element-a2b8fed e-con-full e-flex e-con e-child\" data-id=\"a2b8fed\" data-element_type=\"container\" data-e-type=\"container\">\n\t\t\t\t<div class=\"elementor-element elementor-element-1dc8214 elementor-widget elementor-widget-image\" data-id=\"1dc8214\" data-element_type=\"widget\" data-e-type=\"widget\" data-widget_type=\"image.default\">\n\t\t\t\t<div class=\"elementor-widget-container\">\n\t\t\t\t\t\t\t\t\t\t\t\t\t\t\t<img fetchpriority=\"high\" decoding=\"async\" width=\"800\" height=\"670\" src=\"https:\/\/horscadrebeziers.fr\/wp-content\/uploads\/2025\/09\/20-26-Riquet-1024x857.jpg\" class=\"attachment-large size-large wp-image-1099\" alt=\"\" srcset=\"https:\/\/horscadrebeziers.fr\/wp-content\/uploads\/2025\/09\/20-26-Riquet-1024x857.jpg 1024w, https:\/\/horscadrebeziers.fr\/wp-content\/uploads\/2025\/09\/20-26-Riquet-300x251.jpg 300w, https:\/\/horscadrebeziers.fr\/wp-content\/uploads\/2025\/09\/20-26-Riquet-768x643.jpg 768w, https:\/\/horscadrebeziers.fr\/wp-content\/uploads\/2025\/09\/20-26-Riquet.jpg 1512w\" sizes=\"(max-width: 800px) 100vw, 800px\" \/>\t\t\t\t\t\t\t\t\t\t\t\t\t\t\t<\/div>\n\t\t\t\t<\/div>\n\t\t\t\t<\/div>\n\t\t\t\t\t<\/div>\n\t\t\t\t<\/div>\n\t\t<div class=\"elementor-element elementor-element-885902e e-flex e-con-boxed e-con e-parent\" data-id=\"885902e\" data-element_type=\"container\" data-e-type=\"container\">\n\t\t\t\t\t<div class=\"e-con-inner\">\n\t\t\t\t<div class=\"elementor-element elementor-element-004f7cc elementor-widget__width-initial elementor-widget elementor-widget-image\" data-id=\"004f7cc\" data-element_type=\"widget\" data-e-type=\"widget\" data-widget_type=\"image.default\">\n\t\t\t\t<div class=\"elementor-widget-container\">\n\t\t\t\t\t\t\t\t\t\t\t\t\t\t\t<img decoding=\"async\" width=\"384\" height=\"384\" src=\"https:\/\/horscadrebeziers.fr\/wp-content\/uploads\/2025\/09\/horloge_bleu.png\" class=\"attachment-full size-full wp-image-610\" alt=\"\" srcset=\"https:\/\/horscadrebeziers.fr\/wp-content\/uploads\/2025\/09\/horloge_bleu.png 384w, https:\/\/horscadrebeziers.fr\/wp-content\/uploads\/2025\/09\/horloge_bleu-300x300.png 300w, https:\/\/horscadrebeziers.fr\/wp-content\/uploads\/2025\/09\/horloge_bleu-150x150.png 150w\" sizes=\"(max-width: 384px) 100vw, 384px\" \/>\t\t\t\t\t\t\t\t\t\t\t\t\t\t\t<\/div>\n\t\t\t\t<\/div>\n\t\t\t\t<div class=\"elementor-element elementor-element-03fbda5 elementor-widget__width-initial elementor-widget elementor-widget-text-editor\" data-id=\"03fbda5\" data-element_type=\"widget\" data-e-type=\"widget\" data-widget_type=\"text-editor.default\">\n\t\t\t\t<div class=\"elementor-widget-container\">\n\t\t\t\t\t\t\t\t\tD\u00c9MARRAGE LE 14 OCTOBRE DU JEUDI AU SAMEDI : 15H &#8211; 19H<br>\n\n<strong>VERNISSAGE LE 14 OCTOBRE<\/strong>\t\t\t\t\t\t\t\t<\/div>\n\t\t\t\t<\/div>\n\t\t\t\t\t<\/div>\n\t\t\t\t<\/div>\n\t\t<div class=\"elementor-element elementor-element-ca50c9b e-flex e-con-boxed e-con e-parent\" data-id=\"ca50c9b\" data-element_type=\"container\" data-e-type=\"container\">\n\t\t\t\t\t<div class=\"e-con-inner\">\n\t\t\t\t<div class=\"elementor-element elementor-element-2dc2257 elementor-widget elementor-widget-spacer\" data-id=\"2dc2257\" data-element_type=\"widget\" data-e-type=\"widget\" data-widget_type=\"spacer.default\">\n\t\t\t\t<div class=\"elementor-widget-container\">\n\t\t\t\t\t\t\t<div class=\"elementor-spacer\">\n\t\t\t<div class=\"elementor-spacer-inner\"><\/div>\n\t\t<\/div>\n\t\t\t\t\t\t<\/div>\n\t\t\t\t<\/div>\n\t\t\t\t\t<\/div>\n\t\t\t\t<\/div>\n\t\t<div class=\"elementor-element elementor-element-f4db515 e-flex e-con-boxed e-con e-parent\" data-id=\"f4db515\" data-element_type=\"container\" data-e-type=\"container\" data-settings=\"{&quot;background_background&quot;:&quot;classic&quot;}\">\n\t\t\t\t\t<div class=\"e-con-inner\">\n\t\t\t\t<div class=\"elementor-element elementor-element-cc6a3f9 elementor-widget elementor-widget-spacer\" data-id=\"cc6a3f9\" data-element_type=\"widget\" data-e-type=\"widget\" data-widget_type=\"spacer.default\">\n\t\t\t\t<div class=\"elementor-widget-container\">\n\t\t\t\t\t\t\t<div class=\"elementor-spacer\">\n\t\t\t<div class=\"elementor-spacer-inner\"><\/div>\n\t\t<\/div>\n\t\t\t\t\t\t<\/div>\n\t\t\t\t<\/div>\n\t\t<div class=\"elementor-element elementor-element-91055f2 e-con-full e-flex e-con e-child\" data-id=\"91055f2\" data-element_type=\"container\" data-e-type=\"container\">\n\t\t\t\t<div class=\"elementor-element elementor-element-bb584a6 elementor-widget elementor-widget-heading\" data-id=\"bb584a6\" data-element_type=\"widget\" data-e-type=\"widget\" data-widget_type=\"heading.default\">\n\t\t\t\t<div class=\"elementor-widget-container\">\n\t\t\t\t\t<h2 class=\"elementor-heading-title elementor-size-default\">ELSA BEAUMONT<\/h2>\t\t\t\t<\/div>\n\t\t\t\t<\/div>\n\t\t\t\t<div class=\"elementor-element elementor-element-613bdc8 elementor-widget elementor-widget-spacer\" data-id=\"613bdc8\" data-element_type=\"widget\" data-e-type=\"widget\" data-widget_type=\"spacer.default\">\n\t\t\t\t<div class=\"elementor-widget-container\">\n\t\t\t\t\t\t\t<div class=\"elementor-spacer\">\n\t\t\t<div class=\"elementor-spacer-inner\"><\/div>\n\t\t<\/div>\n\t\t\t\t\t\t<\/div>\n\t\t\t\t<\/div>\n\t\t\t\t<div class=\"elementor-element elementor-element-1a53fe6 elementor-widget__width-initial elementor-widget elementor-widget-text-editor\" data-id=\"1a53fe6\" data-element_type=\"widget\" data-e-type=\"widget\" data-widget_type=\"text-editor.default\">\n\t\t\t\t<div class=\"elementor-widget-container\">\n\t\t\t\t\t\t\t\t\t<p>Dipl\u00f4m\u00e9e de l&rsquo;\u00e9cole nationale sup\u00e9rieure de la photographie d\u2019Arles, Elsa Beaumont explore une approche documentaire et sociale de la photographie. Ses projets unissent dans l\u2019image les territoires intimes, int\u00e9rieurs des personnes exclues ou marginalis\u00e9es de la soci\u00e9t\u00e9. Ses photographies engagent un lien sensible \u00e0 l\u2019autre, au diff\u00e9rent, r\u00e9v\u00e9lant toute sa complexit\u00e9 et sa lumi\u00e8re.<\/p><p>En 2025, sa s\u00e9rie \u00ab\u00a0Le bois de la Dauphine\u00a0\u00bb est expos\u00e9e \u00e0 Arles dans le cadre du prix R\u00e9v\u00e9lation organis\u00e9 par la SAIF, la Kabine et le festival Off.<\/p><p>Elsa Beaumont a re\u00e7u le prix R\u00e9v\u00e9lation SAIF x La Kabine, le prix Maison Blanche et une mention sp\u00e9ciale du prix FOCALE. Ses photographies ont \u00e9t\u00e9 expos\u00e9es et projet\u00e9es dans divers festivals, galeries et centres d\u2019Art comme la galerie FOCALE, l\u2019Institut d\u2019Art Contemporain au Vigan, le festival Les Boutographies ou bien encore Itin\u00e9raires des photographes voyageurs.<\/p>\t\t\t\t\t\t\t\t<\/div>\n\t\t\t\t<\/div>\n\t\t\t\t<\/div>\n\t\t\t\t\t<\/div>\n\t\t\t\t<\/div>\n\t\t<div class=\"elementor-element elementor-element-9a22342 e-flex e-con-boxed e-con e-parent\" data-id=\"9a22342\" data-element_type=\"container\" data-e-type=\"container\" data-settings=\"{&quot;background_background&quot;:&quot;classic&quot;}\">\n\t\t\t\t\t<div class=\"e-con-inner\">\n\t\t\t\t<div class=\"elementor-element elementor-element-31834c5 elementor-widget elementor-widget-image\" data-id=\"31834c5\" data-element_type=\"widget\" data-e-type=\"widget\" data-widget_type=\"image.default\">\n\t\t\t\t<div class=\"elementor-widget-container\">\n\t\t\t\t\t\t\t\t\t\t\t\t\t\t\t<img decoding=\"async\" width=\"800\" height=\"800\" src=\"https:\/\/horscadrebeziers.fr\/wp-content\/uploads\/2025\/09\/elsa_beaumont-1024x1024.jpg\" class=\"attachment-large size-large wp-image-632\" alt=\"\" srcset=\"https:\/\/horscadrebeziers.fr\/wp-content\/uploads\/2025\/09\/elsa_beaumont-1024x1024.jpg 1024w, https:\/\/horscadrebeziers.fr\/wp-content\/uploads\/2025\/09\/elsa_beaumont-300x300.jpg 300w, https:\/\/horscadrebeziers.fr\/wp-content\/uploads\/2025\/09\/elsa_beaumont-150x150.jpg 150w, https:\/\/horscadrebeziers.fr\/wp-content\/uploads\/2025\/09\/elsa_beaumont-768x768.jpg 768w, https:\/\/horscadrebeziers.fr\/wp-content\/uploads\/2025\/09\/elsa_beaumont-1536x1536.jpg 1536w, https:\/\/horscadrebeziers.fr\/wp-content\/uploads\/2025\/09\/elsa_beaumont-2048x2048.jpg 2048w\" sizes=\"(max-width: 800px) 100vw, 800px\" \/>\t\t\t\t\t\t\t\t\t\t\t\t\t\t\t<\/div>\n\t\t\t\t<\/div>\n\t\t\t\t<div class=\"elementor-element elementor-element-9401162 elementor-widget elementor-widget-spacer\" data-id=\"9401162\" data-element_type=\"widget\" data-e-type=\"widget\" data-widget_type=\"spacer.default\">\n\t\t\t\t<div class=\"elementor-widget-container\">\n\t\t\t\t\t\t\t<div class=\"elementor-spacer\">\n\t\t\t<div class=\"elementor-spacer-inner\"><\/div>\n\t\t<\/div>\n\t\t\t\t\t\t<\/div>\n\t\t\t\t<\/div>\n\t\t\t\t<div class=\"elementor-element elementor-element-e4c8833 elementor-widget elementor-widget-heading\" data-id=\"e4c8833\" data-element_type=\"widget\" data-e-type=\"widget\" data-widget_type=\"heading.default\">\n\t\t\t\t<div class=\"elementor-widget-container\">\n\t\t\t\t\t<h2 class=\"elementor-heading-title elementor-size-default\">EN COMMUNAUT\u00c9<\/h2>\t\t\t\t<\/div>\n\t\t\t\t<\/div>\n\t\t\t\t<div class=\"elementor-element elementor-element-4439d10 elementor-widget__width-initial elementor-widget elementor-widget-text-editor\" data-id=\"4439d10\" data-element_type=\"widget\" data-e-type=\"widget\" data-widget_type=\"text-editor.default\">\n\t\t\t\t<div class=\"elementor-widget-container\">\n\t\t\t\t\t\t\t\t\t<p>Depuis trente-sept ans, la Maison de Dieu, situ\u00e9e dans les C\u00e9vennes, accueille des personnes ayant besoin d\u2019un toit ou souhaitant vivre en communaut\u00e9. A ce jour, environ quatre-vingt r\u00e9sidents d\u2019\u00e2ges et d\u2019origines diff\u00e9rents, partagent au quotidien repas, r\u00e9unions, ressources et t\u00e2ches n\u00e9cessaires au bon fonctionnement de la Maison. Cette maison communautaire n\u2019impose aucune forme de religion ou de pratique religieuse, elle est fond\u00e9e sur le principe d\u2019accueil et de non jugement dans un espace volontairement gard\u00e9 libre et ouvert.<\/p><p>Les personnes qui vivent ici sont anim\u00e9es d&rsquo;une force de vie construite en marge de notre soci\u00e9t\u00e9 et de ses tendance : exclure. Ce lieu accueille une grande diversit\u00e9 de parcours de vie et de blessures port\u00e9es, ce qui fait de cette Maison un abri, un refuge, un espace de libert\u00e9 o\u00f9 chacun peut prendre le temps de se r\u00e9tablir. Faire le choix de vivre ici est alors une force et une revendication assum\u00e9e quand retourner vivre ailleurs devient trop difficile ou contraignant.<\/p>\t\t\t\t\t\t\t\t<\/div>\n\t\t\t\t<\/div>\n\t\t\t\t<div class=\"elementor-element elementor-element-9e107b8 elementor-widget elementor-widget-spacer\" data-id=\"9e107b8\" data-element_type=\"widget\" data-e-type=\"widget\" data-widget_type=\"spacer.default\">\n\t\t\t\t<div class=\"elementor-widget-container\">\n\t\t\t\t\t\t\t<div class=\"elementor-spacer\">\n\t\t\t<div class=\"elementor-spacer-inner\"><\/div>\n\t\t<\/div>\n\t\t\t\t\t\t<\/div>\n\t\t\t\t<\/div>\n\t\t\t\t\t<\/div>\n\t\t\t\t<\/div>\n\t\t<div class=\"elementor-element elementor-element-0651c61 e-flex e-con-boxed e-con e-parent\" data-id=\"0651c61\" data-element_type=\"container\" data-e-type=\"container\">\n\t\t\t\t\t<div class=\"e-con-inner\">\n\t\t\t\t<div class=\"elementor-element elementor-element-0741bcc elementor-widget elementor-widget-spacer\" data-id=\"0741bcc\" data-element_type=\"widget\" data-e-type=\"widget\" data-widget_type=\"spacer.default\">\n\t\t\t\t<div class=\"elementor-widget-container\">\n\t\t\t\t\t\t\t<div class=\"elementor-spacer\">\n\t\t\t<div class=\"elementor-spacer-inner\"><\/div>\n\t\t<\/div>\n\t\t\t\t\t\t<\/div>\n\t\t\t\t<\/div>\n\t\t\t\t\t<\/div>\n\t\t\t\t<\/div>\n\t\t<div class=\"elementor-element elementor-element-431de3b e-flex e-con-boxed e-con e-child\" data-id=\"431de3b\" data-element_type=\"container\" data-e-type=\"container\">\n\t\t\t\t\t<div class=\"e-con-inner\">\n\t\t\t\t<div class=\"elementor-element elementor-element-e3ca55f elementor-widget elementor-widget-heading\" data-id=\"e3ca55f\" data-element_type=\"widget\" data-e-type=\"widget\" data-widget_type=\"heading.default\">\n\t\t\t\t<div class=\"elementor-widget-container\">\n\t\t\t\t\t<h2 class=\"elementor-heading-title elementor-size-default\">CAROLINE PEYRONEL<\/h2>\t\t\t\t<\/div>\n\t\t\t\t<\/div>\n\t\t\t\t<div class=\"elementor-element elementor-element-7b0a293 elementor-widget elementor-widget-spacer\" data-id=\"7b0a293\" data-element_type=\"widget\" data-e-type=\"widget\" data-widget_type=\"spacer.default\">\n\t\t\t\t<div class=\"elementor-widget-container\">\n\t\t\t\t\t\t\t<div class=\"elementor-spacer\">\n\t\t\t<div class=\"elementor-spacer-inner\"><\/div>\n\t\t<\/div>\n\t\t\t\t\t\t<\/div>\n\t\t\t\t<\/div>\n\t\t\t\t<div class=\"elementor-element elementor-element-92a9310 elementor-widget__width-initial elementor-widget elementor-widget-text-editor\" data-id=\"92a9310\" data-element_type=\"widget\" data-e-type=\"widget\" data-widget_type=\"text-editor.default\">\n\t\t\t\t<div class=\"elementor-widget-container\">\n\t\t\t\t\t\t\t\t\t<p>Form\u00e9e au journalisme \u00e0 l\u2019IEP d\u2019Aix-en-Provence, Caroline Peyronel est photojournaliste ind\u00e9pendante, sp\u00e9cialis\u00e9e dans les r\u00e9cits documentaires en milieu rural. Son travail vise \u00e0 raconter les campagnes sans filtre ni artifice, avec un regard sensible, attentif aux gestes, aux regards et aux silences. Elle accorde une attention particuli\u00e8re aux savoir-faire, \u00e0 la place des femmes, \u00e0 la jeunesse, \u00e0 la sant\u00e9 mentale et aux cultures populaires.<\/p><p>Depuis 2022, elle poursuit ce travail documentaire au long cours et publie r\u00e9guli\u00e8rement dans des m\u00e9dias. Ses s\u00e9ries photographiques sont parfois expos\u00e9es ou projet\u00e9es dans des festivals.<\/p><p>En 2025, elle a collabor\u00e9 avec les \u00e9ditions Gallimard sur un ouvrage collectif autour du tourisme fluvial et des paysages lotois. Elle a co-fond\u00e9 le collectif Champ Libre, qui d\u00e9fend un journalisme de terrain, en circuit court, au service des territoires ruraux.<\/p>\t\t\t\t\t\t\t\t<\/div>\n\t\t\t\t<\/div>\n\t\t\t\t\t<\/div>\n\t\t\t\t<\/div>\n\t\t<div class=\"elementor-element elementor-element-3e66e33 e-flex e-con-boxed e-con e-parent\" data-id=\"3e66e33\" data-element_type=\"container\" data-e-type=\"container\">\n\t\t\t\t\t<div class=\"e-con-inner\">\n\t\t\t\t<div class=\"elementor-element elementor-element-a834bec elementor-widget elementor-widget-image\" data-id=\"a834bec\" data-element_type=\"widget\" data-e-type=\"widget\" data-widget_type=\"image.default\">\n\t\t\t\t<div class=\"elementor-widget-container\">\n\t\t\t\t\t\t\t\t\t\t\t\t\t\t\t<img loading=\"lazy\" decoding=\"async\" width=\"800\" height=\"534\" src=\"https:\/\/horscadrebeziers.fr\/wp-content\/uploads\/2025\/09\/peyronel-caroline-1024x683.jpg\" class=\"attachment-large size-large wp-image-633\" alt=\"\" srcset=\"https:\/\/horscadrebeziers.fr\/wp-content\/uploads\/2025\/09\/peyronel-caroline-1024x683.jpg 1024w, https:\/\/horscadrebeziers.fr\/wp-content\/uploads\/2025\/09\/peyronel-caroline-300x200.jpg 300w, https:\/\/horscadrebeziers.fr\/wp-content\/uploads\/2025\/09\/peyronel-caroline-768x512.jpg 768w, https:\/\/horscadrebeziers.fr\/wp-content\/uploads\/2025\/09\/peyronel-caroline-1536x1024.jpg 1536w, https:\/\/horscadrebeziers.fr\/wp-content\/uploads\/2025\/09\/peyronel-caroline-2048x1366.jpg 2048w\" sizes=\"(max-width: 800px) 100vw, 800px\" \/>\t\t\t\t\t\t\t\t\t\t\t\t\t\t\t<\/div>\n\t\t\t\t<\/div>\n\t\t\t\t<div class=\"elementor-element elementor-element-feb247a elementor-widget elementor-widget-spacer\" data-id=\"feb247a\" data-element_type=\"widget\" data-e-type=\"widget\" data-widget_type=\"spacer.default\">\n\t\t\t\t<div class=\"elementor-widget-container\">\n\t\t\t\t\t\t\t<div class=\"elementor-spacer\">\n\t\t\t<div class=\"elementor-spacer-inner\"><\/div>\n\t\t<\/div>\n\t\t\t\t\t\t<\/div>\n\t\t\t\t<\/div>\n\t\t\t\t<div class=\"elementor-element elementor-element-f2a75e2 elementor-widget elementor-widget-heading\" data-id=\"f2a75e2\" data-element_type=\"widget\" data-e-type=\"widget\" data-widget_type=\"heading.default\">\n\t\t\t\t<div class=\"elementor-widget-container\">\n\t\t\t\t\t<h2 class=\"elementor-heading-title elementor-size-default\">MOI AUSSI JE PEUX LE FAIRE<\/h2>\t\t\t\t<\/div>\n\t\t\t\t<\/div>\n\t\t\t\t<div class=\"elementor-element elementor-element-4948e78 elementor-widget__width-initial elementor-widget elementor-widget-text-editor\" data-id=\"4948e78\" data-element_type=\"widget\" data-e-type=\"widget\" data-widget_type=\"text-editor.default\">\n\t\t\t\t<div class=\"elementor-widget-container\">\n\t\t\t\t\t\t\t\t\t<p>Elles sont paysannes, m\u00e8res, cheffes d\u2019exploitation. Elles \u00e9l\u00e8vent, cultivent, g\u00e8rent, d\u00e9cident. Mais devant un capot ouvert ou une manette hydraulique, beaucoup h\u00e9sitent encore. Non pas par incomp\u00e9tence, mais par habitude du doute. Par manque d\u2019espace pour apprendre, pour essayer, pour se tromper sans \u00eatre jug\u00e9es.<\/p><p>\u00a0<\/p><p>Pourquoi tant de femmes, capables de faire vivre une ferme \u00e0 elles seules, se sentent ill\u00e9gitimes face \u00e0 un tracteur ? Cette question est au coeur de ma s\u00e9rie \u00abMoi aussi, je peux le faire \u00bb, n\u00e9e dans un espace rare : une formation en m\u00e9canique agricole en mixit\u00e9 choisie, con\u00e7ue pour aider les femmes \u00e0 prendre en main leurs propres tracteurs. L&rsquo;ambiance est studieuse mais solidaire, concentr\u00e9e et joyeuse. Chacune y d\u00e9couvre ce qu\u2019elle savait d\u00e9j\u00e0 : qu\u2019elle en est capable.<\/p><p>\u00a0<\/p><p>Le tracteur, dans ce contexte, devient plus qu\u2019un simple outil : il cristallise un rapport \u00e0 l\u2019autonomie, \u00e0 la technique, au pouvoir. Le r\u00e9parer, le comprendre, le ma\u00eetriser devient alors un acte d\u2019\u00e9mancipation.<\/p><p>\u00a0<\/p><p>En photographiant ces femmes dans l\u2019effort, la concentration, le doute ou la fiert\u00e9, j\u2019ai voulu documenter ce moment de bascule. Celui o\u00f9 l\u2019on reprend possession d\u2019un savoir. Celui o\u00f9 l\u2019on se lib\u00e8re d\u2019un conditionnement. Celui o\u00f9 les certitudes sur ce que peut ou ne peut pas faire une femme, s\u2019effondrent.<\/p>\t\t\t\t\t\t\t\t<\/div>\n\t\t\t\t<\/div>\n\t\t\t\t<div class=\"elementor-element elementor-element-3fdc8e2 elementor-widget elementor-widget-spacer\" data-id=\"3fdc8e2\" data-element_type=\"widget\" data-e-type=\"widget\" data-widget_type=\"spacer.default\">\n\t\t\t\t<div class=\"elementor-widget-container\">\n\t\t\t\t\t\t\t<div class=\"elementor-spacer\">\n\t\t\t<div class=\"elementor-spacer-inner\"><\/div>\n\t\t<\/div>\n\t\t\t\t\t\t<\/div>\n\t\t\t\t<\/div>\n\t\t\t\t\t<\/div>\n\t\t\t\t<\/div>\n\t\t<div class=\"elementor-element elementor-element-5920005 e-flex e-con-boxed e-con e-parent\" data-id=\"5920005\" data-element_type=\"container\" data-e-type=\"container\" data-settings=\"{&quot;background_background&quot;:&quot;classic&quot;}\">\n\t\t\t\t\t<div class=\"e-con-inner\">\n\t\t\t\t<div class=\"elementor-element elementor-element-a27ab46 elementor-widget elementor-widget-spacer\" data-id=\"a27ab46\" data-element_type=\"widget\" data-e-type=\"widget\" data-widget_type=\"spacer.default\">\n\t\t\t\t<div class=\"elementor-widget-container\">\n\t\t\t\t\t\t\t<div class=\"elementor-spacer\">\n\t\t\t<div class=\"elementor-spacer-inner\"><\/div>\n\t\t<\/div>\n\t\t\t\t\t\t<\/div>\n\t\t\t\t<\/div>\n\t\t<div class=\"elementor-element elementor-element-5513544 e-con-full e-flex e-con e-child\" data-id=\"5513544\" data-element_type=\"container\" data-e-type=\"container\">\n\t\t\t\t<div class=\"elementor-element elementor-element-4958863 elementor-widget elementor-widget-heading\" data-id=\"4958863\" data-element_type=\"widget\" data-e-type=\"widget\" data-widget_type=\"heading.default\">\n\t\t\t\t<div class=\"elementor-widget-container\">\n\t\t\t\t\t<h2 class=\"elementor-heading-title elementor-size-default\">SONIA REVEYAZ<\/h2>\t\t\t\t<\/div>\n\t\t\t\t<\/div>\n\t\t\t\t<div class=\"elementor-element elementor-element-94e8a00 elementor-widget elementor-widget-spacer\" data-id=\"94e8a00\" data-element_type=\"widget\" data-e-type=\"widget\" data-widget_type=\"spacer.default\">\n\t\t\t\t<div class=\"elementor-widget-container\">\n\t\t\t\t\t\t\t<div class=\"elementor-spacer\">\n\t\t\t<div class=\"elementor-spacer-inner\"><\/div>\n\t\t<\/div>\n\t\t\t\t\t\t<\/div>\n\t\t\t\t<\/div>\n\t\t\t\t<div class=\"elementor-element elementor-element-5c50bb0 elementor-widget__width-initial elementor-widget elementor-widget-text-editor\" data-id=\"5c50bb0\" data-element_type=\"widget\" data-e-type=\"widget\" data-widget_type=\"text-editor.default\">\n\t\t\t\t<div class=\"elementor-widget-container\">\n\t\t\t\t\t\t\t\t\t<p>Apr\u00e8s une licence en Sciences Politiques \u00e0 l&rsquo;Universit\u00e9 de Montpellier, Sonia Reveyaz \u00e9tudie le storytelling documentaire \u00e0 l\u2019International Center of Photography de New-York, avant de poursuivre ses \u00e9tudes \u00e0 Paris en Sciences humaines et sociales et en M\u00e9diation culturelle.<\/p><p>Depuis, elle a re\u00e7u plusieurs prix (Grand Prix Paris Match du photoreportage \u00e9tudiant, Jeune Photographie du festival Images Singuli\u00e8res) et participe r\u00e9guli\u00e8rement \u00e0 des festivals et des expositions.<\/p><p>Le travail de Sonia Reveyaz explore le quotidien et la soci\u00e9t\u00e9 \u00e0 travers un prisme d\u00e9cal\u00e9 et une esth\u00e9tique color\u00e9e. Son approche repose sur la cr\u00e9ation de s\u00e9ries th\u00e9matiques o\u00f9 l&rsquo;accumulation devient un fil conducteur. Son univers visuel, clinquant et acidul\u00e9, s\u2019inscrit dans une d\u00e9marche oscillant entre documentaire et photoreportage. En saisissant ces contrastes, elle \u00e9claire les rituels modernes, les mises en sc\u00e8ne et les symboles qui d\u00e9finissent nos comportements collectifs.<\/p>\t\t\t\t\t\t\t\t<\/div>\n\t\t\t\t<\/div>\n\t\t\t\t<\/div>\n\t\t\t\t\t<\/div>\n\t\t\t\t<\/div>\n\t\t<div class=\"elementor-element elementor-element-e7ccfc4 e-flex e-con-boxed e-con e-parent\" data-id=\"e7ccfc4\" data-element_type=\"container\" data-e-type=\"container\" data-settings=\"{&quot;background_background&quot;:&quot;classic&quot;}\">\n\t\t\t\t\t<div class=\"e-con-inner\">\n\t\t\t\t<div class=\"elementor-element elementor-element-cf2fd26 elementor-widget elementor-widget-image\" data-id=\"cf2fd26\" data-element_type=\"widget\" data-e-type=\"widget\" data-widget_type=\"image.default\">\n\t\t\t\t<div class=\"elementor-widget-container\">\n\t\t\t\t\t\t\t\t\t\t\t\t\t\t\t<img loading=\"lazy\" decoding=\"async\" width=\"800\" height=\"800\" src=\"https:\/\/horscadrebeziers.fr\/wp-content\/uploads\/2025\/09\/reveyaz_sonia-1024x1024.jpg\" class=\"attachment-large size-large wp-image-631\" alt=\"\" srcset=\"https:\/\/horscadrebeziers.fr\/wp-content\/uploads\/2025\/09\/reveyaz_sonia-1024x1024.jpg 1024w, https:\/\/horscadrebeziers.fr\/wp-content\/uploads\/2025\/09\/reveyaz_sonia-300x300.jpg 300w, https:\/\/horscadrebeziers.fr\/wp-content\/uploads\/2025\/09\/reveyaz_sonia-150x150.jpg 150w, https:\/\/horscadrebeziers.fr\/wp-content\/uploads\/2025\/09\/reveyaz_sonia-768x768.jpg 768w, https:\/\/horscadrebeziers.fr\/wp-content\/uploads\/2025\/09\/reveyaz_sonia-1536x1536.jpg 1536w, https:\/\/horscadrebeziers.fr\/wp-content\/uploads\/2025\/09\/reveyaz_sonia.jpg 2000w\" sizes=\"(max-width: 800px) 100vw, 800px\" \/>\t\t\t\t\t\t\t\t\t\t\t\t\t\t\t<\/div>\n\t\t\t\t<\/div>\n\t\t\t\t<div class=\"elementor-element elementor-element-4728eb7 elementor-widget elementor-widget-spacer\" data-id=\"4728eb7\" data-element_type=\"widget\" data-e-type=\"widget\" data-widget_type=\"spacer.default\">\n\t\t\t\t<div class=\"elementor-widget-container\">\n\t\t\t\t\t\t\t<div class=\"elementor-spacer\">\n\t\t\t<div class=\"elementor-spacer-inner\"><\/div>\n\t\t<\/div>\n\t\t\t\t\t\t<\/div>\n\t\t\t\t<\/div>\n\t\t\t\t<div class=\"elementor-element elementor-element-b01684e elementor-widget elementor-widget-heading\" data-id=\"b01684e\" data-element_type=\"widget\" data-e-type=\"widget\" data-widget_type=\"heading.default\">\n\t\t\t\t<div class=\"elementor-widget-container\">\n\t\t\t\t\t<h2 class=\"elementor-heading-title elementor-size-default\">CHEZ TOI<\/h2>\t\t\t\t<\/div>\n\t\t\t\t<\/div>\n\t\t\t\t<div class=\"elementor-element elementor-element-28d5455 elementor-widget__width-initial elementor-widget elementor-widget-text-editor\" data-id=\"28d5455\" data-element_type=\"widget\" data-e-type=\"widget\" data-widget_type=\"text-editor.default\">\n\t\t\t\t<div class=\"elementor-widget-container\">\n\t\t\t\t\t\t\t\t\t<p>Que dit une maison de son \u00e9poque ? Tout.<\/p><p>La maison est aussi une composante importante de l\u2019identit\u00e9. Les objets traduisent les pratiques de consommation, l\u2019architecture d\u00e9voile la structure de pens\u00e9e d\u2019une soci\u00e9t\u00e9. Les photos, tableaux, et autres suspensions accroch\u00e9s au mur t\u00e9moignent des souvenirs personnels. La maison est le lieu de transmission des valeurs familiales, symboliques, culturelles.<\/p><p>Ce projet a commenc\u00e9 \u00e0 travers la r\u00e9sidence en Savoie de mon grand-p\u00e8re que je photographie depuis adolescente. Bissy, quartier pavillonnaire en p\u00e9riph\u00e9rie de Chamb\u00e9ry, d\u00e9velopp\u00e9 dans les ann\u00e9es 1970, marque l&rsquo;ascension \u00e0 la propri\u00e9t\u00e9 des classes moyennes. Je voulais archiver chaque d\u00e9tail de ce lieu avant que ces d\u00e9cors n\u2019\u00e9voluent. Cette s\u00e9rie de photographies d\u00e9voile un univers \u00e9toff\u00e9 et kitsch, synonyme d\u2019une \u00e9poque singuli\u00e8re o\u00f9 les couleurs et les motifs r\u00e9v\u00e8lent la soci\u00e9t\u00e9 de consommation d\u2019un temps.<\/p><p>Je d\u00e9veloppe ce projet dans d\u2019autres habitats de la g\u00e9n\u00e9ration de nos grands-parents pour t\u00e9moigner des m\u0153urs d\u2019une p\u00e9riode sp\u00e9cifique. Ces lieux sont \u00e9ph\u00e9m\u00e8res, ils peuvent \u00e9voluer si rapidement, apr\u00e8s un d\u00e9c\u00e8s, un d\u00e9m\u00e9nagement, des travaux, un h\u00e9ritage.Capturer l\u2019intime, le foyer, permet de garder une trace des lieux avant qu\u2019ils ne disparaissent.<\/p>\t\t\t\t\t\t\t\t<\/div>\n\t\t\t\t<\/div>\n\t\t\t\t<div class=\"elementor-element elementor-element-f09eb74 elementor-widget elementor-widget-spacer\" data-id=\"f09eb74\" data-element_type=\"widget\" data-e-type=\"widget\" data-widget_type=\"spacer.default\">\n\t\t\t\t<div class=\"elementor-widget-container\">\n\t\t\t\t\t\t\t<div class=\"elementor-spacer\">\n\t\t\t<div class=\"elementor-spacer-inner\"><\/div>\n\t\t<\/div>\n\t\t\t\t\t\t<\/div>\n\t\t\t\t<\/div>\n\t\t\t\t\t<\/div>\n\t\t\t\t<\/div>\n\t\t\t\t<\/div>\n\t\t","protected":false},"excerpt":{"rendered":"<p>FOCUS 2025 LE 26 RIQUET Le 26 Riquet est un projet de requalification de l\u2019ancien h\u00f4tel consulaire port\u00e9 par le Groupe Mhodul et destin\u00e9 \u00e0 la reconqu\u00eate de la ville sur la ville. C\u2019est aussi un lieu empreint d\u2019histoire et d\u2019\u00e9motions o\u00f9 architectes et artistes ont su par le pass\u00e9 y exprimer la bouillonnante vie [&hellip;]<\/p>\n","protected":false},"author":1,"featured_media":0,"parent":0,"menu_order":0,"comment_status":"closed","ping_status":"closed","template":"elementor_header_footer","meta":{"footnotes":""},"class_list":["post-608","page","type-page","status-publish","hentry"],"_links":{"self":[{"href":"https:\/\/horscadrebeziers.fr\/index.php\/wp-json\/wp\/v2\/pages\/608","targetHints":{"allow":["GET"]}}],"collection":[{"href":"https:\/\/horscadrebeziers.fr\/index.php\/wp-json\/wp\/v2\/pages"}],"about":[{"href":"https:\/\/horscadrebeziers.fr\/index.php\/wp-json\/wp\/v2\/types\/page"}],"author":[{"embeddable":true,"href":"https:\/\/horscadrebeziers.fr\/index.php\/wp-json\/wp\/v2\/users\/1"}],"replies":[{"embeddable":true,"href":"https:\/\/horscadrebeziers.fr\/index.php\/wp-json\/wp\/v2\/comments?post=608"}],"version-history":[{"count":46,"href":"https:\/\/horscadrebeziers.fr\/index.php\/wp-json\/wp\/v2\/pages\/608\/revisions"}],"predecessor-version":[{"id":1509,"href":"https:\/\/horscadrebeziers.fr\/index.php\/wp-json\/wp\/v2\/pages\/608\/revisions\/1509"}],"wp:attachment":[{"href":"https:\/\/horscadrebeziers.fr\/index.php\/wp-json\/wp\/v2\/media?parent=608"}],"curies":[{"name":"wp","href":"https:\/\/api.w.org\/{rel}","templated":true}]}}