{"id":880,"date":"2025-09-23T15:20:51","date_gmt":"2025-09-23T13:20:51","guid":{"rendered":"https:\/\/horscadrebeziers.fr\/?page_id=880"},"modified":"2025-10-11T23:07:31","modified_gmt":"2025-10-11T21:07:31","slug":"exposition-11","status":"publish","type":"page","link":"https:\/\/horscadrebeziers.fr\/index.php\/exposition-11\/","title":{"rendered":"Exposition 11"},"content":{"rendered":"\t\t<div data-elementor-type=\"wp-page\" data-elementor-id=\"880\" class=\"elementor elementor-880\" data-elementor-post-type=\"page\">\n\t\t\t\t<div class=\"elementor-element elementor-element-e3d4475 e-flex e-con-boxed e-con e-parent\" data-id=\"e3d4475\" data-element_type=\"container\" data-e-type=\"container\">\n\t\t\t\t\t<div class=\"e-con-inner\">\n\t\t<div class=\"elementor-element elementor-element-5c185d1 e-con-full e-flex e-con e-child\" data-id=\"5c185d1\" data-element_type=\"container\" data-e-type=\"container\">\n\t\t\t\t<div class=\"elementor-element elementor-element-4913085 elementor-widget elementor-widget-spacer\" data-id=\"4913085\" data-element_type=\"widget\" data-e-type=\"widget\" data-widget_type=\"spacer.default\">\n\t\t\t\t<div class=\"elementor-widget-container\">\n\t\t\t\t\t\t\t<div class=\"elementor-spacer\">\n\t\t\t<div class=\"elementor-spacer-inner\"><\/div>\n\t\t<\/div>\n\t\t\t\t\t\t<\/div>\n\t\t\t\t<\/div>\n\t\t\t\t<div class=\"elementor-element elementor-element-b9b030e elementor-widget elementor-widget-text-editor\" data-id=\"b9b030e\" data-element_type=\"widget\" data-e-type=\"widget\" data-widget_type=\"text-editor.default\">\n\t\t\t\t<div class=\"elementor-widget-container\">\n\t\t\t\t\t\t\t\t\t<p>EXPOS<\/p>\t\t\t\t\t\t\t\t<\/div>\n\t\t\t\t<\/div>\n\t\t\t\t<div class=\"elementor-element elementor-element-b9ac82e elementor-widget elementor-widget-spacer\" data-id=\"b9ac82e\" data-element_type=\"widget\" data-e-type=\"widget\" data-widget_type=\"spacer.default\">\n\t\t\t\t<div class=\"elementor-widget-container\">\n\t\t\t\t\t\t\t<div class=\"elementor-spacer\">\n\t\t\t<div class=\"elementor-spacer-inner\"><\/div>\n\t\t<\/div>\n\t\t\t\t\t\t<\/div>\n\t\t\t\t<\/div>\n\t\t\t\t<\/div>\n\t\t\t\t\t<\/div>\n\t\t\t\t<\/div>\n\t\t<div class=\"elementor-element elementor-element-38a49a5 e-flex e-con-boxed e-con e-parent\" data-id=\"38a49a5\" data-element_type=\"container\" data-e-type=\"container\">\n\t\t\t\t\t<div class=\"e-con-inner\">\n\t\t<div class=\"elementor-element elementor-element-a8346c6 e-con-full e-flex e-con e-child\" data-id=\"a8346c6\" data-element_type=\"container\" data-e-type=\"container\">\n\t\t<div class=\"elementor-element elementor-element-e06f08b e-con-full e-flex e-con e-child\" data-id=\"e06f08b\" data-element_type=\"container\" data-e-type=\"container\">\n\t\t\t\t<div class=\"elementor-element elementor-element-42e33ad elementor-widget elementor-widget-heading\" data-id=\"42e33ad\" data-element_type=\"widget\" data-e-type=\"widget\" data-widget_type=\"heading.default\">\n\t\t\t\t<div class=\"elementor-widget-container\">\n\t\t\t\t\t<h2 class=\"elementor-heading-title elementor-size-default\">11\/ LIEU D'ART LA MOUCHE<\/h2>\t\t\t\t<\/div>\n\t\t\t\t<\/div>\n\t\t\t\t<div class=\"elementor-element elementor-element-003b249 elementor-widget elementor-widget-text-editor\" data-id=\"003b249\" data-element_type=\"widget\" data-e-type=\"widget\" data-widget_type=\"text-editor.default\">\n\t\t\t\t<div class=\"elementor-widget-container\">\n\t\t\t\t\t\t\t\t\t<p><span data-olk-copy-source=\"MessageBody\">LIEU D\u2019ART CONTEMPORAIN<\/span><\/p>\t\t\t\t\t\t\t\t<\/div>\n\t\t\t\t<\/div>\n\t\t\t\t<\/div>\n\t\t\t\t<div class=\"elementor-element elementor-element-5683a56 elementor-widget__width-initial elementor-widget elementor-widget-text-editor\" data-id=\"5683a56\" data-element_type=\"widget\" data-e-type=\"widget\" data-widget_type=\"text-editor.default\">\n\t\t\t\t<div class=\"elementor-widget-container\">\n\t\t\t\t\t\t\t\t\t<div><p>N\u00e9 de la volont\u00e9 philantropique de Francine Buesa, LA MOUCHE est un espace d\u00e9di\u00e9 \u00e0 la cr\u00e9ation contemporaine.<\/p><p class=\"\">Attentive au red\u00e9ploiement de l\u2019action culturelle \u00e0 l\u2019\u00e9chelle locale, Francine Buesa offre ainsi aux artistes l\u2019opportunit\u00e9 de retisser du lien social sur la trame concr\u00e8te des \u0153uvres et des questions qu\u2019elles soul\u00e8vent en chacun.<\/p><p class=\"\">Au del\u00e0 de doter les acteurs de l\u2019art contemporain, tant les artistes que les commissaires, de la visibilit\u00e9 qu\u2019ils m\u00e9ritent, la vocation de LA MOUCHE est aussi de susciter l\u2019\u00e9mulation avec l\u2019Autre que soi, sur le plan de l\u2019\u00e9change avec le public tant que sur celui des discours des expositions.<\/p><p class=\"\">Parce que Nature et Culture se nourrissent r\u00e9ciproquement, LA MOUCHE est plant\u00e9e au c\u0153ur du Domaine de Pradines, entourant d\u00e8s lors la sph\u00e8re artistique et l\u2019\u00e9crin ancestral de l\u2019identit\u00e9 languedocienne.<\/p><\/div><div>\u00a0<\/div><div><p data-pm-slice=\"0 0 []\"><strong>Domaine de Pradines le Bas, rte de Corneilhan, B\u00e9ziers<\/strong><\/p><p><strong><span style=\"font-size: large;\">\u00a0<\/span><\/strong><\/p><\/div>\t\t\t\t\t\t\t\t<\/div>\n\t\t\t\t<\/div>\n\t\t\t\t<\/div>\n\t\t<div class=\"elementor-element elementor-element-615429e e-con-full e-flex e-con e-child\" data-id=\"615429e\" data-element_type=\"container\" data-e-type=\"container\">\n\t\t\t\t<div class=\"elementor-element elementor-element-5427fe5 elementor-widget elementor-widget-image\" data-id=\"5427fe5\" data-element_type=\"widget\" data-e-type=\"widget\" data-widget_type=\"image.default\">\n\t\t\t\t<div class=\"elementor-widget-container\">\n\t\t\t\t\t\t\t\t\t\t\t\t\t\t\t<img fetchpriority=\"high\" decoding=\"async\" width=\"800\" height=\"668\" src=\"https:\/\/horscadrebeziers.fr\/wp-content\/uploads\/2025\/09\/11-MOUCHE-1024x855.jpg\" class=\"attachment-large size-large wp-image-724\" alt=\"\" srcset=\"https:\/\/horscadrebeziers.fr\/wp-content\/uploads\/2025\/09\/11-MOUCHE-1024x855.jpg 1024w, https:\/\/horscadrebeziers.fr\/wp-content\/uploads\/2025\/09\/11-MOUCHE-300x251.jpg 300w, https:\/\/horscadrebeziers.fr\/wp-content\/uploads\/2025\/09\/11-MOUCHE-768x641.jpg 768w, https:\/\/horscadrebeziers.fr\/wp-content\/uploads\/2025\/09\/elementor\/thumbs\/11-MOUCHE-rc4qjd18010902bvjfmic3rp9wtnvy1nrm2z2q8gw8.jpg 600w, https:\/\/horscadrebeziers.fr\/wp-content\/uploads\/2025\/09\/11-MOUCHE.jpg 1311w\" sizes=\"(max-width: 800px) 100vw, 800px\" \/>\t\t\t\t\t\t\t\t\t\t\t\t\t\t\t<\/div>\n\t\t\t\t<\/div>\n\t\t\t\t<\/div>\n\t\t\t\t\t<\/div>\n\t\t\t\t<\/div>\n\t\t<div class=\"elementor-element elementor-element-5835b39 e-flex e-con-boxed e-con e-parent\" data-id=\"5835b39\" data-element_type=\"container\" data-e-type=\"container\">\n\t\t\t\t\t<div class=\"e-con-inner\">\n\t\t\t\t<div class=\"elementor-element elementor-element-e63218d elementor-widget__width-initial elementor-widget elementor-widget-image\" data-id=\"e63218d\" data-element_type=\"widget\" data-e-type=\"widget\" data-widget_type=\"image.default\">\n\t\t\t\t<div class=\"elementor-widget-container\">\n\t\t\t\t\t\t\t\t\t\t\t\t\t\t\t<img decoding=\"async\" width=\"381\" height=\"382\" src=\"https:\/\/horscadrebeziers.fr\/wp-content\/uploads\/2025\/09\/horloge.png\" class=\"attachment-full size-full wp-image-544\" alt=\"\" srcset=\"https:\/\/horscadrebeziers.fr\/wp-content\/uploads\/2025\/09\/horloge.png 381w, https:\/\/horscadrebeziers.fr\/wp-content\/uploads\/2025\/09\/horloge-300x300.png 300w, https:\/\/horscadrebeziers.fr\/wp-content\/uploads\/2025\/09\/horloge-150x150.png 150w\" sizes=\"(max-width: 381px) 100vw, 381px\" \/>\t\t\t\t\t\t\t\t\t\t\t\t\t\t\t<\/div>\n\t\t\t\t<\/div>\n\t\t\t\t<div class=\"elementor-element elementor-element-5354737 elementor-widget elementor-widget-text-editor\" data-id=\"5354737\" data-element_type=\"widget\" data-e-type=\"widget\" data-widget_type=\"text-editor.default\">\n\t\t\t\t<div class=\"elementor-widget-container\">\n\t\t\t\t\t\t\t\t\t<p align=\"left\">MAR \u00e0 SAM : 10h-13h et 15h-19h<\/p><strong>VERNISSAGE LE 16 OCTOBRE<\/strong>\t\t\t\t\t\t\t\t<\/div>\n\t\t\t\t<\/div>\n\t\t\t\t\t<\/div>\n\t\t\t\t<\/div>\n\t\t<div class=\"elementor-element elementor-element-3d6111b e-flex e-con-boxed e-con e-parent\" data-id=\"3d6111b\" data-element_type=\"container\" data-e-type=\"container\">\n\t\t\t\t\t<div class=\"e-con-inner\">\n\t\t\t\t<div class=\"elementor-element elementor-element-95855d5 elementor-widget elementor-widget-spacer\" data-id=\"95855d5\" data-element_type=\"widget\" data-e-type=\"widget\" data-widget_type=\"spacer.default\">\n\t\t\t\t<div class=\"elementor-widget-container\">\n\t\t\t\t\t\t\t<div class=\"elementor-spacer\">\n\t\t\t<div class=\"elementor-spacer-inner\"><\/div>\n\t\t<\/div>\n\t\t\t\t\t\t<\/div>\n\t\t\t\t<\/div>\n\t\t\t\t\t<\/div>\n\t\t\t\t<\/div>\n\t\t<div class=\"elementor-element elementor-element-4687a31 e-flex e-con-boxed e-con e-parent\" data-id=\"4687a31\" data-element_type=\"container\" data-e-type=\"container\" data-settings=\"{&quot;background_background&quot;:&quot;classic&quot;}\">\n\t\t\t\t\t<div class=\"e-con-inner\">\n\t\t\t\t<div class=\"elementor-element elementor-element-a0db45b elementor-widget elementor-widget-spacer\" data-id=\"a0db45b\" data-element_type=\"widget\" data-e-type=\"widget\" data-widget_type=\"spacer.default\">\n\t\t\t\t<div class=\"elementor-widget-container\">\n\t\t\t\t\t\t\t<div class=\"elementor-spacer\">\n\t\t\t<div class=\"elementor-spacer-inner\"><\/div>\n\t\t<\/div>\n\t\t\t\t\t\t<\/div>\n\t\t\t\t<\/div>\n\t\t<div class=\"elementor-element elementor-element-c9ff5e5 e-con-full e-flex e-con e-child\" data-id=\"c9ff5e5\" data-element_type=\"container\" data-e-type=\"container\">\n\t\t\t\t<div class=\"elementor-element elementor-element-0534562 elementor-widget elementor-widget-heading\" data-id=\"0534562\" data-element_type=\"widget\" data-e-type=\"widget\" data-widget_type=\"heading.default\">\n\t\t\t\t<div class=\"elementor-widget-container\">\n\t\t\t\t\t<h2 class=\"elementor-heading-title elementor-size-default\">CATHERINE BALET<\/h2>\t\t\t\t<\/div>\n\t\t\t\t<\/div>\n\t\t\t\t<div class=\"elementor-element elementor-element-1720d18 elementor-widget elementor-widget-heading\" data-id=\"1720d18\" data-element_type=\"widget\" data-e-type=\"widget\" data-widget_type=\"heading.default\">\n\t\t\t\t<div class=\"elementor-widget-container\">\n\t\t\t\t\t<h2 class=\"elementor-heading-title elementor-size-default\">LOOKING FOR THE MASTERS<\/h2>\t\t\t\t<\/div>\n\t\t\t\t<\/div>\n\t\t\t\t<div class=\"elementor-element elementor-element-64cd5e2 elementor-widget elementor-widget-spacer\" data-id=\"64cd5e2\" data-element_type=\"widget\" data-e-type=\"widget\" data-widget_type=\"spacer.default\">\n\t\t\t\t<div class=\"elementor-widget-container\">\n\t\t\t\t\t\t\t<div class=\"elementor-spacer\">\n\t\t\t<div class=\"elementor-spacer-inner\"><\/div>\n\t\t<\/div>\n\t\t\t\t\t\t<\/div>\n\t\t\t\t<\/div>\n\t\t\t\t<div class=\"elementor-element elementor-element-2f9faf9 elementor-widget__width-initial elementor-widget elementor-widget-text-editor\" data-id=\"2f9faf9\" data-element_type=\"widget\" data-e-type=\"widget\" data-widget_type=\"text-editor.default\">\n\t\t\t\t<div class=\"elementor-widget-container\">\n\t\t\t\t\t\t\t\t\t<p data-pm-slice=\"0 0 []\">La s\u00e9rie \u00ab Looking for the Masters \u00bb rend hommage aux grands ma\u00eetres de la photographie en revisitant 185 ans de son histoire. Avec son charismatique interpr\u00e8te aux chaussures dor\u00e9es, Ricardo Martinez Paz, l\u2019artiste a r\u00e9cr\u00e9\u00e9 120 images iconiques afin de mieux comprendre les tendances de la photographie d\u2019aujourd\u2019hui et de demain.<\/p><p>Cet hommage prend ses racines dans une r\u00e9flexion plus fondamentale sur le d\u00e9sir de retranscrire une r\u00e9alit\u00e9 contemporaine en cr\u00e9ant des correspondances avec les \u0153uvres du pass\u00e9, toujours dans le respect de l\u2019auteur, et ainsi interroger dans sa globalit\u00e9 la notion de m\u00e9moire. Quelle est la place de la m\u00e9moire quand l\u2019\u00e9volution foudroyante de la technologie num\u00e9rique et la supr\u00e9matie de la photographie au smartphone bouleversent le temps ? Cette sensation de profusion et de frustration invite \u00e0 r\u00e9fl\u00e9chir sur la dur\u00e9e de vie de l\u2019image contemporaine et sur la nature de la force des photographies qui ont travers\u00e9 le temps. L\u2019Hommage \u00e0 Willy Ronis (Le petit Parisien, 1952, 2014), page suivante, en est un parfait exemple.<\/p><p>L\u2019approche anthropologique de Catherine Balet, sa rigueur et sa pr\u00e9cision, tout comme la tendresse et l\u2019humour qui se d\u00e9gagent de son travail, font de cet ensemble un must absolu pour tout amateur de photographie.<\/p>\t\t\t\t\t\t\t\t<\/div>\n\t\t\t\t<\/div>\n\t\t\t\t<\/div>\n\t\t\t\t\t<\/div>\n\t\t\t\t<\/div>\n\t\t<div class=\"elementor-element elementor-element-329cec8 e-flex e-con-boxed e-con e-parent\" data-id=\"329cec8\" data-element_type=\"container\" data-e-type=\"container\" data-settings=\"{&quot;background_background&quot;:&quot;classic&quot;}\">\n\t\t\t\t\t<div class=\"e-con-inner\">\n\t\t\t\t<div class=\"elementor-element elementor-element-f23d689 elementor-widget elementor-widget-image\" data-id=\"f23d689\" data-element_type=\"widget\" data-e-type=\"widget\" data-widget_type=\"image.default\">\n\t\t\t\t<div class=\"elementor-widget-container\">\n\t\t\t\t\t\t\t\t\t\t\t\t\t\t\t<img decoding=\"async\" width=\"800\" height=\"638\" src=\"https:\/\/horscadrebeziers.fr\/wp-content\/uploads\/2025\/09\/11-BALET.jpg\" class=\"attachment-large size-large wp-image-885\" alt=\"\" \/>\t\t\t\t\t\t\t\t\t\t\t\t\t\t\t<\/div>\n\t\t\t\t<\/div>\n\t\t\t\t<div class=\"elementor-element elementor-element-79a4dc6 elementor-widget elementor-widget-spacer\" data-id=\"79a4dc6\" data-element_type=\"widget\" data-e-type=\"widget\" data-widget_type=\"spacer.default\">\n\t\t\t\t<div class=\"elementor-widget-container\">\n\t\t\t\t\t\t\t<div class=\"elementor-spacer\">\n\t\t\t<div class=\"elementor-spacer-inner\"><\/div>\n\t\t<\/div>\n\t\t\t\t\t\t<\/div>\n\t\t\t\t<\/div>\n\t\t\t\t<div class=\"elementor-element elementor-element-6e15718 elementor-align-center elementor-widget elementor-widget-button\" data-id=\"6e15718\" data-element_type=\"widget\" data-e-type=\"widget\" data-widget_type=\"button.default\">\n\t\t\t\t<div class=\"elementor-widget-container\">\n\t\t\t\t\t\t\t\t\t<div class=\"elementor-button-wrapper\">\n\t\t\t\t\t<a class=\"elementor-button elementor-button-link elementor-size-sm\" href=\"https:\/\/horscadrebeziers.fr\/index.php\/exposition\/\">\n\t\t\t\t\t\t<span class=\"elementor-button-content-wrapper\">\n\t\t\t\t\t\t<span class=\"elementor-button-icon\">\n\t\t\t\t<svg aria-hidden=\"true\" class=\"e-font-icon-svg e-fas-map-pin\" viewBox=\"0 0 288 512\" xmlns=\"http:\/\/www.w3.org\/2000\/svg\"><path d=\"M112 316.94v156.69l22.02 33.02c4.75 7.12 15.22 7.12 19.97 0L176 473.63V316.94c-10.39 1.92-21.06 3.06-32 3.06s-21.61-1.14-32-3.06zM144 0C64.47 0 0 64.47 0 144s64.47 144 144 144 144-64.47 144-144S223.53 0 144 0zm0 76c-37.5 0-68 30.5-68 68 0 6.62-5.38 12-12 12s-12-5.38-12-12c0-50.73 41.28-92 92-92 6.62 0 12 5.38 12 12s-5.38 12-12 12z\"><\/path><\/svg>\t\t\t<\/span>\n\t\t\t\t\t\t\t\t\t<span class=\"elementor-button-text\">Voir tous les lieux<\/span>\n\t\t\t\t\t<\/span>\n\t\t\t\t\t<\/a>\n\t\t\t\t<\/div>\n\t\t\t\t\t\t\t\t<\/div>\n\t\t\t\t<\/div>\n\t\t\t\t<div class=\"elementor-element elementor-element-37fc6d8 elementor-widget elementor-widget-spacer\" data-id=\"37fc6d8\" data-element_type=\"widget\" data-e-type=\"widget\" data-widget_type=\"spacer.default\">\n\t\t\t\t<div class=\"elementor-widget-container\">\n\t\t\t\t\t\t\t<div class=\"elementor-spacer\">\n\t\t\t<div class=\"elementor-spacer-inner\"><\/div>\n\t\t<\/div>\n\t\t\t\t\t\t<\/div>\n\t\t\t\t<\/div>\n\t\t\t\t\t<\/div>\n\t\t\t\t<\/div>\n\t\t\t\t<\/div>\n\t\t","protected":false},"excerpt":{"rendered":"<p>EXPOS 11\/ LIEU D&rsquo;ART LA MOUCHE LIEU D\u2019ART CONTEMPORAIN N\u00e9 de la volont\u00e9 philantropique de Francine Buesa, LA MOUCHE est un espace d\u00e9di\u00e9 \u00e0 la cr\u00e9ation contemporaine. Attentive au red\u00e9ploiement de l\u2019action culturelle \u00e0 l\u2019\u00e9chelle locale, Francine Buesa offre ainsi aux artistes l\u2019opportunit\u00e9 de retisser du lien social sur la trame concr\u00e8te des \u0153uvres et [&hellip;]<\/p>\n","protected":false},"author":1,"featured_media":0,"parent":0,"menu_order":0,"comment_status":"closed","ping_status":"closed","template":"elementor_header_footer","meta":{"footnotes":""},"class_list":["post-880","page","type-page","status-publish","hentry"],"_links":{"self":[{"href":"https:\/\/horscadrebeziers.fr\/index.php\/wp-json\/wp\/v2\/pages\/880","targetHints":{"allow":["GET"]}}],"collection":[{"href":"https:\/\/horscadrebeziers.fr\/index.php\/wp-json\/wp\/v2\/pages"}],"about":[{"href":"https:\/\/horscadrebeziers.fr\/index.php\/wp-json\/wp\/v2\/types\/page"}],"author":[{"embeddable":true,"href":"https:\/\/horscadrebeziers.fr\/index.php\/wp-json\/wp\/v2\/users\/1"}],"replies":[{"embeddable":true,"href":"https:\/\/horscadrebeziers.fr\/index.php\/wp-json\/wp\/v2\/comments?post=880"}],"version-history":[{"count":25,"href":"https:\/\/horscadrebeziers.fr\/index.php\/wp-json\/wp\/v2\/pages\/880\/revisions"}],"predecessor-version":[{"id":1419,"href":"https:\/\/horscadrebeziers.fr\/index.php\/wp-json\/wp\/v2\/pages\/880\/revisions\/1419"}],"wp:attachment":[{"href":"https:\/\/horscadrebeziers.fr\/index.php\/wp-json\/wp\/v2\/media?parent=880"}],"curies":[{"name":"wp","href":"https:\/\/api.w.org\/{rel}","templated":true}]}}